{"id":118,"date":"2020-02-17T20:13:45","date_gmt":"2020-02-17T19:13:45","guid":{"rendered":"http:\/\/www.lejournalduforkane.com\/librairieForkane\/?post_type=product&#038;p=118"},"modified":"2020-02-17T20:15:00","modified_gmt":"2020-02-17T19:15:00","slug":"le-grand-projet-du-sauveur","status":"publish","type":"product","link":"https:\/\/www.lejournalduforkane.com\/librairieForkane\/index.php\/produit\/le-grand-projet-du-sauveur\/","title":{"rendered":"LE GRAND PROJET DU SAUVEUR"},"content":{"rendered":"<p><span class=\"info-title\">Le Mahdi a la fin des temps<\/span><\/p>\n<p>Al-Mahdi est aujourd\u2019hui un personnage tr\u00e8s controvers\u00e9. Et ce, \u00e0 cause de la mont\u00e9 en puissance des sectes radicales salafistes, groupes financ\u00e9s \u00e0 grand renfort de p\u00e9tro-dollars saoudiens. Alors que la Parousie de l\u2019Imam Al-Mahdi \u00e9tait fr\u00e9quemment admise. De nos jours, la croyance en lui est remise en cause. Mais ceux qui n\u2019y croit pas ont surtout pour raisons le d\u00e9sespoir et la trahison de l\u2019Islam, ce qui se traduit par la collaboration avec l\u2019ennemi commun.<\/p>\n","protected":false},"excerpt":{"rendered":"<p>Le Mahdi a la fin des temps Al-Mahdi est aujourd\u2019hui un personnage tr\u00e8s controvers\u00e9. Et ce, \u00e0 cause de la mont\u00e9 en puissance des sectes radicales salafistes, groupes financ\u00e9s \u00e0 grand renfort de p\u00e9tro-dollars saoudiens. Alors que la Parousie de l\u2019Imam Al-Mahdi \u00e9tait fr\u00e9quemment admise. De nos jours, la croyance en lui est remise en [&hellip;]<\/p>\n","protected":false},"featured_media":119,"comment_status":"closed","ping_status":"closed","template":"","meta":[],"_links":{"self":[{"href":"https:\/\/www.lejournalduforkane.com\/librairieForkane\/index.php\/wp-json\/wp\/v2\/product\/118"}],"collection":[{"href":"https:\/\/www.lejournalduforkane.com\/librairieForkane\/index.php\/wp-json\/wp\/v2\/product"}],"about":[{"href":"https:\/\/www.lejournalduforkane.com\/librairieForkane\/index.php\/wp-json\/wp\/v2\/types\/product"}],"replies":[{"embeddable":true,"href":"https:\/\/www.lejournalduforkane.com\/librairieForkane\/index.php\/wp-json\/wp\/v2\/comments?post=118"}],"wp:featuredmedia":[{"embeddable":true,"href":"https:\/\/www.lejournalduforkane.com\/librairieForkane\/index.php\/wp-json\/wp\/v2\/media\/119"}],"wp:attachment":[{"href":"https:\/\/www.lejournalduforkane.com\/librairieForkane\/index.php\/wp-json\/wp\/v2\/media?parent=118"}],"curies":[{"name":"wp","href":"https:\/\/api.w.org\/{rel}","templated":true}]}}